{"id":4784,"date":"2024-12-19T18:17:37","date_gmt":"2024-12-19T16:17:37","guid":{"rendered":"https:\/\/fajnerejsy.pl\/?post_type=portfolio&#038;p=4784"},"modified":"2025-03-12T15:36:24","modified_gmt":"2025-03-12T13:36:24","slug":"25c-kolobrzeg-warnemunde","status":"publish","type":"portfolio","link":"http:\/\/fajnerejsy.pl\/en\/portfolio\/25c-kolobrzeg-warnemunde\/","title":{"rendered":"25C Ko\u0142obrzeg &#8211; Warnem\u00fcnde"},"content":{"rendered":"<div id=\"pl-4784\"  class=\"panel-layout\" ><div id=\"pg-4784-0\"  class=\"panel-grid panel-no-style\" ><div id=\"pgc-4784-0-0\"  class=\"panel-grid-cell\" ><div id=\"panel-4784-0-0-0\" class=\"so-panel widget widget_sow-editor panel-first-child\" data-index=\"0\" ><div\n\t\t\t\n\t\t\tclass=\"so-widget-sow-editor so-widget-sow-editor-base\"\n\t\t\t\n\t\t>\n<div class=\"siteorigin-widget-tinymce textwidget\">\n\t<div class=\"head-underline clearfix\">\n<div class=\"head-underline clearfix\">\n<h5>REJS<\/h5>\n<p>Ten rejs jest kameralnym rejsem trwaj\u0105cym 7 dni.<\/p>\n<p><strong>Planowana trasa:<\/strong> Ko\u0142obrzeg - \u015awinouj\u015bcie - Sassnitz - Klintholm - Gedser - Warnem\u00fcnde.<\/p>\n<p>Cumy oddajemy w Ko\u0142obrzegu. Naszym celem jest dop\u0142yni\u0119cie do Yachthafen Hohe D\u00fcne w Warnem\u00fcnde i odwiedzenie po drodze kliku port\u00f3w Niemieckich i Du\u0144skich.<span class=\"hiddenSpellError\"><br \/>\n<\/span><\/p>\n<p>Pami\u0119taj, \u017ce przebieg rejsu w ogromnym stopniu uzale\u017cniony jest od warunk\u00f3w pogodowych, odporno\u015bci za\u0142ogi na czynniki morskie w tym na chorob\u0119 morsk\u0105 i wielu innych element\u00f3w. Z tego powodu zaplanowana trasa mo\u017ce ulec zmianie.<\/p>\n<h5>JACHT<\/h5>\n<\/div>\n<p>Sp\u0119dzimy ten czas na pok\u0142adzie wygodnego, nowoczesnego i doskonale wyposa\u017conego jachtu s\/y HEHO. Jest to jednostka typu Sun Odyssey 379, wyposa\u017cona we wszystko co potrzebne do bezpiecznego \u017ceglowania. Za\u0142oga ma do dyspozycji 2 dwuosobowe kabiny z podw\u00f3jnymi kojami. Mesa jest zawsze wolna, poniewa\u017c ja mam swoj\u0105, niezale\u017cn\u0105 kabin\u0119.<\/p>\n<p>P\u0142yniemy <strong>w sk\u0142adzie 4+1<\/strong>, pomimo, \u017ce jacht ma miejsca do spania dla 8 os\u00f3b. Dzi\u0119ki temu jest wygodnie i wszyscy maj\u0105 szans\u0119 na solidny wypoczynek oraz du\u017co sterowania. Dobrze wyposa\u017cony kambuz, toaleta, ogrzewanie a na deku nowoczesny osprz\u0119t i autopilot zapewniaj\u0105 maksimum komfortu i bezpiecze\u0144stwa.<\/p>\n<h5><\/h5>\n<h5>ZBI\u00d3RKA<\/h5>\n<\/div>\n<p>Rejs rozpoczynamy w Marinie Solnej w Ko\u0142obrzegu.<\/p>\n<p>Czekam na Ciebie na jachcie o godzinie 1700. B\u0119dzie to czas na zaokr\u0119towanie, rozpakowanie swoich rzeczy osobistych, zaprowiantowanie, zapoznanie si\u0119 z jachtem i odpraw\u0119 bezpiecze\u0144stwa.<\/p>\n<p>Wyp\u0142ywamy w niedziel\u0119 rano.<\/p>\n<p>Rejs ko\u0144czymy w kolejn\u0105 sobot\u0119 w Warnem\u00fcnde do godziny 0900. W porcie b\u0119dziemy ju\u017c w pi\u0105tek wieczorem. B\u0119dzie to czas na podsumowanie, wystawienie opinii z rejsu i po\u017cegnaln\u0105 kolacj\u0119.<\/p>\n<div class=\"head-underline clearfix\">\n<h5><\/h5>\n<div class=\"head-underline clearfix\">\n<h5 class=\"text-normal\">JAK TO WYGL\u0104DA<\/h5>\n<\/div>\n<p>Moje rejsy s\u0105 nastawione na zdobywanie i utrwalanie umiej\u0119tno\u015bci \u017ceglarskich w warunkach morskich. Jako cz\u0142onkini lub cz\u0142onek za\u0142ogi, b\u0119dziesz <strong>pe\u0142ni\u0107 wachty (r\u00f3wnie\u017c nocne)<\/strong> i odpowiada\u0107 za prowadzenie jednostki. Na zako\u0144czenie otrzymasz opini\u0119 z rejsu, potwierdzaj\u0105c\u0105 przep\u0142yni\u0119te mile i czas sp\u0119dzony w morzu.<\/p>\n<p><span class=\"icon-container\"><span class=\"fa fa-check\" style=\"color:#d80019;\"><\/span><\/span> \u00a0 Du\u017co praktyki<\/p>\n<p><span class=\"icon-container\"><span class=\"fa fa-check\" style=\"color:#d80019;\"><\/span><\/span> \u00a0 60-80 godzin w morzu<\/p>\n<p><span class=\"icon-container\"><span class=\"fa fa-check\" style=\"color:#d80019;\"><\/span><\/span> \u00a0 Opinia z rejsu (godziny sta\u017cowe)<\/p>\n<p><a class=\"btn  btn-dark  col-12\" href=\"https:\/\/fajnerejsy.pl\/en\/?page_id=3953&#038;preview=true\" target=\"wp-preview-3953\"> REZERWUJ REJS<\/a><\/p>\n<\/div>\n<\/div>\n<\/div><\/div><div id=\"panel-4784-0-0-1\" class=\"so-panel widget widget_sow-editor\" data-index=\"1\" ><div\n\t\t\t\n\t\t\tclass=\"so-widget-sow-editor so-widget-sow-editor-base\"\n\t\t\t\n\t\t>\n<div class=\"siteorigin-widget-tinymce textwidget\">\n\t<hr class=\"hr--dotted\" \/>\n<\/div>\n<\/div><\/div><div id=\"panel-4784-0-0-2\" class=\"so-panel widget widget_sow-editor\" data-index=\"2\" ><div\n\t\t\t\n\t\t\tclass=\"so-widget-sow-editor so-widget-sow-editor-base\"\n\t\t\t\n\t\t><h3 class=\"widget-title\"><span class=\"widget-title__inline\">WA\u017bNE INFORMACJE<\/span><\/h3>\n<div class=\"siteorigin-widget-tinymce textwidget\">\n\t<h5>Dojazd<\/h5>\n<p>Czekam na Ciebie na jachcie w sobot\u0119 o godzinie 1700.<\/p>\n<h5>Ubezpieczenie<\/h5>\n<p>Podczas trwania rejsu jeste\u015b obj\u0119ta\/obj\u0119ty ubezpieczeniem turystycznym NNW, KL i OC zgodnie z\u00a0Ustaw\u0105. Dodatkowo mo\u017cesz wykupi\u0107 ubezpieczenie koszt\u00f3w rezygnacji z\u00a0uczestnictwa w imprezie turystycznej lub wcze\u015bniejszego powrotu do RP. Za dop\u0142at\u0105 mo\u017cesz te\u017c zmieni\u0107 pakiet ubezpieczeniowy na wy\u017cszy. Komplet informacji otrzymasz przed podpisaniem umowy. W razie pyta\u0144 zawsze s\u0142u\u017c\u0119 pomoc\u0105.<\/p>\n<h5><strong>Zapisy,<\/strong> rezerwacja<\/h5>\n<p>Mailem pod adresem <a href=\"mailto:jacek@fajnerejsy.pl\">jacek@fajnerejsy.pl<\/a><\/p>\n<h5><strong>Procedura<\/strong> rezerwacji<\/h5>\n<ol>\n<li>Zg\u0142oszenie mailem. Prosz\u0119 podaj nazw\u0119 rejsu, daty pocz\u0105tku i ko\u0144ca rejsu, imi\u0119 i nazwisko uczestnika.<\/li>\n<li>Po wys\u0142aniu zg\u0142oszenia otrzymuje ono status rezerwacji wst\u0119pnej. Dostaniesz odpowied\u017a z przygotowan\u0105 umow\u0105 oraz kompletem dokument\u00f3w dotycz\u0105cych warunk\u00f3w uczestnictwa i ubezpieczenia.<\/li>\n<li>Po podpisaniu umowy i zaksi\u0119gowaniu wp\u0142aty okre\u015blonej w umowie (30%) masz zarezerwowane miejsce na rejsie.<\/li>\n<li>Na 30 dni przed rejsem dop\u0142acasz reszt\u0119.<\/li>\n<li>Przyje\u017cd\u017casz na rejs.<\/li>\n<\/ol>\n<h5>Istotne drobiazgi<\/h5>\n<ul>\n<li>Na jachcie nie ma po\u015bcieli, prosz\u0119 zabierz ze sob\u0105 \u015bpiw\u00f3r<\/li>\n<li>Nie zapomnij o sztormiaku, kaloszach i ciep\u0142ych ubraniach<\/li>\n<li>Zabierz obuwie pok\u0142adowe na bia\u0142ej, niebrudz\u0105cej podeszwie<\/li>\n<li>Pami\u0119taj o lekach, kt\u00f3re stale przyjmujesz<\/li>\n<li>Przyda si\u0119 latarka czo\u0142owa z czerwonym \u015bwiat\u0142em<\/li>\n<li>Wielowalutowa karta p\u0142atnicza u\u0142atwi Ci zakupy za granic\u0105<\/li>\n<\/ul>\n<h5><a href=\"https:\/\/fajnerejsy.pl\/en\/checklista\/\">Co zabra\u0107 na rejs<\/a><\/h5>\n<\/div>\n<\/div><\/div><div id=\"panel-4784-0-0-3\" class=\"so-panel widget widget_sow-editor\" data-index=\"3\" ><div\n\t\t\t\n\t\t\tclass=\"so-widget-sow-editor so-widget-sow-editor-base\"\n\t\t\t\n\t\t>\n<div class=\"siteorigin-widget-tinymce textwidget\">\n\t<hr class=\"hr--dotted\" \/>\n<\/div>\n<\/div><\/div><div id=\"panel-4784-0-0-4\" class=\"so-panel widget widget_pw_pricing_list widget-pricing-list panel-last-child\" data-index=\"4\" ><div class=\"featured-widget panel-widget-style panel-widget-style-for-4784-0-0-4\" >\n\t<div class=\"pricing-list\">\n\t\t\t\t\t<div class=\"pricing-list__widget-title\">\n\t\t\t\t<h3 class=\"widget-title\"><span class=\"widget-title__inline\">Podsumowanie koszt\u00f3w rejsu<\/span><\/h3>\t\t\t<\/div>\n\t\t\t\t\t\t\t<div class=\"pricing-list__item\">\n\t\t\t\t\t\t\t\t<span class=\"pricing-list__title\">Op\u0142ata za rejs<\/span>\n\t\t\t\t<span class=\"pricing-list__line\"><\/span>\n\t\t\t\t<span class=\"pricing-list__price\">2590,- PLN<\/span>\n\t\t\t\t\t\t\t\t\t<p class=\"pricing-list__description\">\n\t\t\t\t\t\tW cen\u0119 rejsu wliczone s\u0105: gotowy do \u017ceglugi jacht z wyposa\u017ceniem bezpiecze\u0144stwa, kambuzowym, nawigacyjnym; prowadzenie jachtu przez uprawnionego kapitana; szkolenie z zakresu bezpiecze\u0144stwa na jachcie i jego obs\u0142ugi; gaz do kuchenki; op\u0142aty portowe, \u015bluzowe i kana\u0142owe; paliwo do jachtu; woda do jachtu; pr\u0105d do \u0142adowania akumulator\u00f3w jachtu; ko\u0144cowe sprz\u0105tanie jachtu; ubezpieczenie od NNW i KL uczestnik\u00f3w w zakresie zgodnym z Ustaw\u0105; ubezpieczenie OC uczestnik\u00f3w; sk\u0142adki na rzecz TFG (Turystyczny Fundusz Gwarancyjny) i TFP (Turystyczny Fundusz Pomocowy).\t\t\t\t\t<\/p>\n\t\t\t\t\t\t\t<\/div>\n\t\t\t\t\t<div class=\"pricing-list__item\">\n\t\t\t\t\t\t\t\t<span class=\"pricing-list__title\">Wy\u017cywienie<\/span>\n\t\t\t\t<span class=\"pricing-list__line\"><\/span>\n\t\t\t\t<span class=\"pricing-list__price\">Za\u0142oga pokrywa wsp\u00f3lnie.<\/span>\n\t\t\t\t\t\t\t\t\t<p class=\"pricing-list__description\">\n\t\t\t\t\t\tZa\u0142oga sk\u0142ada si\u0119 do wsp\u00f3lnej kasy i organizuje zakupy wedle w\u0142asnego uznania. Podczas rejsu wachta kambuzowa gotuje posi\u0142ki z tych sk\u0142adnik\u00f3w. Wsp\u00f3lne wyj\u015bcia na posi\u0142ki poza jachtem nale\u017c\u0105 do decyzji za\u0142ogi. Kapitan nie dok\u0142ada si\u0119 do jedzenia.\t\t\t\t\t<\/p>\n\t\t\t\t\t\t\t<\/div>\n\t\t\t\t\t<div class=\"pricing-list__item\">\n\t\t\t\t\t\t\t\t<span class=\"pricing-list__title\">Inne op\u0142aty<\/span>\n\t\t\t\t<span class=\"pricing-list__line\"><\/span>\n\t\t\t\t<span class=\"pricing-list__price\">Pokrywasz Ty<\/span>\n\t\t\t\t\t\t\t\t\t<p class=\"pricing-list__description\">\n\t\t\t\t\t\tDojazd i powr\u00f3t na\/z jachtu, atrakcje w portach i na trasie rejsu, prysznice w marinach o ile nie s\u0105 w cenie op\u0142aty portowej pokrywasz Ty.\t\t\t\t\t<\/p>\n\t\t\t\t\t\t\t<\/div>\n\t\t\t\t\t<div class=\"pricing-list__item\">\n\t\t\t\t\t\t\t\t<span class=\"pricing-list__title\">Ubezpieczenie turystyczne<\/span>\n\t\t\t\t<span class=\"pricing-list__line\"><\/span>\n\t\t\t\t<span class=\"pricing-list__price\"><\/span>\n\t\t\t\t\t\t\t\t\t<p class=\"pricing-list__description\">\n\t\t\t\t\t\tPodczas trwania rejsu jeste\u015b obj\u0119ta\/obj\u0119ty ubezpieczeniem turystycznym NNW, KL i OC \"Ubezpieczeni w podro\u017cy\" firmy WIENER TU S.A. Vienna Insurance Group w wariancie OPTIMUM. Za dodatkow\u0105 op\u0142at\u0105 mo\u017cesz wykupi\u0107 ubezpieczenie koszt\u00f3w rezygnacji z uczestnictwa w imprezie turystycznej lub wcze\u015bniejszego powrotu do RP oraz zmieni\u0107 pakiet na wy\u017cszy.\t\t\t\t\t<\/p>\n\t\t\t\t\t\t\t<\/div>\n\t\t\t<\/div>\n\n<\/div><\/div><\/div><div id=\"pgc-4784-0-1\"  class=\"panel-grid-cell\" ><div id=\"panel-4784-0-1-0\" class=\"so-panel widget widget_pw_person_profile widget-person-profile panel-first-child panel-last-child\" data-index=\"5\" >\n\t<div class=\"card  person-profile\">\n\t\t\t\t\t\t\t\t\t\t<div class=\"person-profile__carousel  js-person-profile-initialize-carousel\" data-slick='{\"adaptiveHeight\":true,\"prevArrow\":\"<button type=\\\"button\\\" class=\\\"slick-prev  slick-arrow\\\"><span class=\\\"screen-reader-text\\\">Previous<\\\/span><i class=\\\"fa fa-chevron-left\\\" aria-hidden=\\\"true\\\"><\\\/i><\\\/button>\",\"nextArrow\":\"<button type=\\\"button\\\" class=\\\"slick-next  slick-arrow\\\"><span class=\\\"screen-reader-text\\\">Next<\\\/span><i class=\\\"fa fa-chevron-right\\\" aria-hidden=\\\"true\\\"><\\\/i><\\\/button>\"}'>\n\t\t\t\t\t\t\t\t\t<div class=\"person-profile__carousel-item\">\n\t\t\t\t\t\t\t\t\t\t\t\t\t<img decoding=\"async\" class=\"person-profile__image  wp-post-image\" src=\"http:\/\/fajnerejsy.pl\/wp-content\/uploads\/2022\/06\/00.jpg\" alt=\"Picture of Sun Odyssey 379\">\n\t\t\t\t\t\t\t\t\t\t\t<\/div>\n\t\t\t\t\t\t\t\t\t<div class=\"person-profile__carousel-item\">\n\t\t\t\t\t\t\t\t\t\t\t\t\t<img decoding=\"async\" class=\"person-profile__image  wp-post-image\" src=\"http:\/\/fajnerejsy.pl\/wp-content\/uploads\/2022\/06\/01.jpg\" alt=\"Picture of Sun Odyssey 379\">\n\t\t\t\t\t\t\t\t\t\t\t<\/div>\n\t\t\t\t\t\t\t\t\t<div class=\"person-profile__carousel-item\">\n\t\t\t\t\t\t\t\t\t\t\t\t\t<img decoding=\"async\" class=\"person-profile__image  wp-post-image\" src=\"http:\/\/fajnerejsy.pl\/wp-content\/uploads\/2022\/06\/07.jpg\" alt=\"Picture of Sun Odyssey 379\">\n\t\t\t\t\t\t\t\t\t\t\t<\/div>\n\t\t\t\t\t\t\t\t\t<div class=\"person-profile__carousel-item\">\n\t\t\t\t\t\t\t\t\t\t\t\t\t<img decoding=\"async\" class=\"person-profile__image  wp-post-image\" src=\"http:\/\/fajnerejsy.pl\/wp-content\/uploads\/2022\/06\/04.jpg\" alt=\"Picture of Sun Odyssey 379\">\n\t\t\t\t\t\t\t\t\t\t\t<\/div>\n\t\t\t\t\t\t\t\t\t<div class=\"person-profile__carousel-item\">\n\t\t\t\t\t\t\t\t\t\t\t\t\t<img decoding=\"async\" class=\"person-profile__image  wp-post-image\" src=\"http:\/\/fajnerejsy.pl\/wp-content\/uploads\/2022\/06\/02.jpg\" alt=\"Picture of Sun Odyssey 379\">\n\t\t\t\t\t\t\t\t\t\t\t<\/div>\n\t\t\t\t\t\t\t\t\t<div class=\"person-profile__carousel-item\">\n\t\t\t\t\t\t\t\t\t\t\t\t\t<img decoding=\"async\" class=\"person-profile__image  wp-post-image\" src=\"http:\/\/fajnerejsy.pl\/wp-content\/uploads\/2022\/06\/Untitled-1.jpg\" alt=\"Picture of Sun Odyssey 379\">\n\t\t\t\t\t\t\t\t\t\t\t<\/div>\n\t\t\t\t\t\t\t<\/div>\n\t\t\t\t<div class=\"card-block  person-profile__container\">\n\t\t\t<div class=\"person-profile__content\">\n\t\t\t\t\t\t\t\t\t<span class=\"person-profile__label\">s\/y HEHO<\/span>\n\t\t\t\t\t\t\t\t<h4 class=\"card-title  person-profile__name\">Sun Odyssey 379<\/h4>\n\t\t\t\t<p class=\"card-text  person-profile__description\">Dane techniczne jachtu:<br>\n\u2013 Ilo\u015b\u0107 kabin: 3 + mesa<br>\n\u2013 Ilo\u015b\u0107 koi: 6+2<br>\n\u2013 D\u0142ugo\u015b\u0107: 11,34 m<br>\n\u2013 Szeroko\u015b\u0107: 3,76 m.<br>\n\u2013 Zanurzenie: 1,95 m.<br>\n\u2013 Powierzchnia \u017cagli 70 m<sup>2<\/sup><br>\n\u2013 Silnik: 29 KM<br>\n\u2013 Zbiornik paliwa: 130 l<br>\n\u2013 Zbiornik wody: 615 l<br>\n\u2013 Rok produkcji: 2013<br><br>\n    \nWyposa\u017cenie nawigacyjne:<br>\n\u2013 Ploter z GPS: B&amp;G-Zeus (Wi-Fi)<br>\n\u2013 Radar \u2013 4G<br>\n\u2013 Echosonda<br>\n\u2013 Wiatromierz<br>\n\u2013 Log<br>\n\u2013 Radio VHF z DSC<br>\n\u2013 Autopilot<br>\n\u2013 AIS dwukierunkowy<br>\n\u2013 Barometr<br>\n\u2013 Lornetka<br>\n\u2013 Przybory nawigacyjne<br>\n\u2013 Mapy papierowe<br>\n\u2013 Navtex<br><br>\n\nBezpiecze\u0144stwo:<br>\n\u2013 Pneumatyczna tratwa ratunkowa<br>\n\u2013 Kapoki pneumatyczne<br>\n\u2013 Ko\u0142o ratunkowe z p\u0142aw\u0105 \u015bwietln\u0105<br>\n\u2013 Zestaw pirotechniki<br>\n\u2013 Reflektor radarowy<br>\n\u2013 Radiop\u0142awa EPIRB<br><br>\n\nWn\u0119trze:<br>\n\u2013 Moskitiery oraz rolety<br>\n\u2013 Stolik nawigacyjny<br>\n\u2013 Odtwarzacz FM\/CD\/MP3<br>\n\u2013 Kuchenka gazowa 2 palnikowa<br>\n\u2013 Piekarnik gazowy<br>\n\u2013 Pojemna lod\u00f3wka<br>\n\u2013 Zlew z ciep\u0142\u0105 wod\u0105<br>\n\u2013 WC \u201emorskie\u201d ze zbiornikiem<br>\n\u2013 Prysznic z ciep\u0142\u0105 wod\u0105<br>\n\u2013 Umywalka z ciep\u0142\u0105 wod\u0105<br>\n\u2013 Ogrzewanie nadmuchowe<br>\n\u2013 Pompa z\u0119zowa<br><br><\/p>\n\t\t\t\t\t\t\t\t\t\t\t<\/div>\n\t\t\t\t\t<\/div>\n\t<\/div>\n\n<\/div><\/div><\/div><\/div>","protected":false},"excerpt":{"rendered":"<p>REJS Ten rejs jest kameralnym rejsem trwaj\u0105cym 7 dni. Planowana trasa: Ko\u0142obrzeg &#8211; \u015awinouj\u015bcie &#8211; Sassnitz &#8211; Klintholm &#8211; Gedser &#8211; Warnem\u00fcnde. Cumy oddajemy w Ko\u0142obrzegu. Naszym celem jest dop\u0142yni\u0119cie do Yachthafen Hohe D\u00fcne w Warnem\u00fcnde i odwiedzenie po drodze kliku port\u00f3w Niemieckich i Du\u0144skich. Pami\u0119taj, \u017ce przebieg rejsu w ogromnym stopniu uzale\u017cniony jest od &hellip;<\/p>","protected":false},"author":1,"featured_media":5518,"comment_status":"closed","ping_status":"closed","template":"","meta":{"_acf_changed":false,"footnotes":""},"portfolio_category":[82],"portfolio_tag":[],"class_list":["post-4784","portfolio","type-portfolio","status-publish","has-post-thumbnail","hentry","portfolio_category-rejsy","clearfix"],"acf":[],"yoast_head":"<!-- This site is optimized with the Yoast SEO Premium plugin v26.7 (Yoast SEO v26.7) - https:\/\/yoast.com\/wordpress\/plugins\/seo\/ -->\n<title>25C Ko\u0142obrzeg - Warnem\u00fcnde | rejs \u017ceglarski - Fajnerejsy.pl<\/title>\n<meta name=\"description\" content=\"Rejs z Ko\u0142obrzegu do Warnem\u00fcnde. Po drodze planujemy odwiedzi\u0107 Sassnitz, \u015awinouj\u015bcie, Klintholm i Gedser. D\u0142ugie dni idealne do \u017ceglowania.\" \/>\n<meta name=\"robots\" content=\"index, follow, max-snippet:-1, max-image-preview:large, max-video-preview:-1\" \/>\n<link rel=\"canonical\" href=\"https:\/\/fajnerejsy.pl\/en\/portfolio\/25c-kolobrzeg-warnemunde\/\" \/>\n<meta property=\"og:locale\" content=\"en_US\" \/>\n<meta property=\"og:type\" content=\"article\" \/>\n<meta property=\"og:title\" content=\"25C Ko\u0142obrzeg - Warnem\u00fcnde\" \/>\n<meta property=\"og:description\" content=\"Rejs z Ko\u0142obrzegu do Warnem\u00fcnde. Po drodze planujemy odwiedzi\u0107 Sassnitz, \u015awinouj\u015bcie, Klintholm i Gedser. D\u0142ugie dni idealne do \u017ceglowania.\" \/>\n<meta property=\"og:url\" content=\"https:\/\/fajnerejsy.pl\/en\/portfolio\/25c-kolobrzeg-warnemunde\/\" \/>\n<meta property=\"og:site_name\" content=\"Fajnerejsy.pl\" \/>\n<meta property=\"article:publisher\" content=\"https:\/\/www.facebook.com\/Fajnerejsy\" \/>\n<meta property=\"article:modified_time\" content=\"2025-03-12T13:36:24+00:00\" \/>\n<meta property=\"og:image\" content=\"https:\/\/fajnerejsy.pl\/wp-content\/uploads\/2023\/10\/warnemunde.jpg\" \/>\n\t<meta property=\"og:image:width\" content=\"1920\" \/>\n\t<meta property=\"og:image:height\" content=\"660\" \/>\n\t<meta property=\"og:image:type\" content=\"image\/jpeg\" \/>\n<meta name=\"twitter:card\" content=\"summary_large_image\" \/>\n<meta name=\"twitter:label1\" content=\"Est. reading time\" \/>\n\t<meta name=\"twitter:data1\" content=\"5 minutes\" \/>\n<script type=\"application\/ld+json\" class=\"yoast-schema-graph\">{\"@context\":\"https:\/\/schema.org\",\"@graph\":[{\"@type\":\"WebPage\",\"@id\":\"https:\/\/fajnerejsy.pl\/portfolio\/25c-kolobrzeg-warnemunde\/\",\"url\":\"https:\/\/fajnerejsy.pl\/portfolio\/25c-kolobrzeg-warnemunde\/\",\"name\":\"25C Ko\u0142obrzeg - Warnem\u00fcnde | rejs \u017ceglarski - Fajnerejsy.pl\",\"isPartOf\":{\"@id\":\"https:\/\/fajnerejsy.pl\/#website\"},\"primaryImageOfPage\":{\"@id\":\"https:\/\/fajnerejsy.pl\/portfolio\/25c-kolobrzeg-warnemunde\/#primaryimage\"},\"image\":{\"@id\":\"https:\/\/fajnerejsy.pl\/portfolio\/25c-kolobrzeg-warnemunde\/#primaryimage\"},\"thumbnailUrl\":\"https:\/\/fajnerejsy.pl\/wp-content\/uploads\/2023\/10\/warnemunde.jpg\",\"datePublished\":\"2024-12-19T16:17:37+00:00\",\"dateModified\":\"2025-03-12T13:36:24+00:00\",\"description\":\"Rejs z Ko\u0142obrzegu do Warnem\u00fcnde. Po drodze planujemy odwiedzi\u0107 Sassnitz, \u015awinouj\u015bcie, Klintholm i Gedser. D\u0142ugie dni idealne do \u017ceglowania.\",\"breadcrumb\":{\"@id\":\"https:\/\/fajnerejsy.pl\/portfolio\/25c-kolobrzeg-warnemunde\/#breadcrumb\"},\"inLanguage\":\"en-US\",\"potentialAction\":[{\"@type\":\"ReadAction\",\"target\":[\"https:\/\/fajnerejsy.pl\/portfolio\/25c-kolobrzeg-warnemunde\/\"]}]},{\"@type\":\"ImageObject\",\"inLanguage\":\"en-US\",\"@id\":\"https:\/\/fajnerejsy.pl\/portfolio\/25c-kolobrzeg-warnemunde\/#primaryimage\",\"url\":\"https:\/\/fajnerejsy.pl\/wp-content\/uploads\/2023\/10\/warnemunde.jpg\",\"contentUrl\":\"https:\/\/fajnerejsy.pl\/wp-content\/uploads\/2023\/10\/warnemunde.jpg\",\"width\":1920,\"height\":660,\"caption\":\"Warnemunde z Fajne Rejsy, rejs \u017ceglarski jachtem po Ba\u0142tyku z kapitanem Jacek Mirczak.\"},{\"@type\":\"BreadcrumbList\",\"@id\":\"https:\/\/fajnerejsy.pl\/portfolio\/25c-kolobrzeg-warnemunde\/#breadcrumb\",\"itemListElement\":[{\"@type\":\"ListItem\",\"position\":1,\"name\":\"Home\",\"item\":\"https:\/\/fajnerejsy.pl\/\"},{\"@type\":\"ListItem\",\"position\":2,\"name\":\"Portfolio\",\"item\":\"https:\/\/fajnerejsy.pl\/portfolio\/\"},{\"@type\":\"ListItem\",\"position\":3,\"name\":\"25C Ko\u0142obrzeg &#8211; Warnem\u00fcnde\"}]},{\"@type\":\"WebSite\",\"@id\":\"https:\/\/fajnerejsy.pl\/#website\",\"url\":\"https:\/\/fajnerejsy.pl\/\",\"name\":\"Fajnerejsy.pl\",\"description\":\"\",\"publisher\":{\"@id\":\"https:\/\/fajnerejsy.pl\/#organization\"},\"potentialAction\":[{\"@type\":\"SearchAction\",\"target\":{\"@type\":\"EntryPoint\",\"urlTemplate\":\"https:\/\/fajnerejsy.pl\/?s={search_term_string}\"},\"query-input\":{\"@type\":\"PropertyValueSpecification\",\"valueRequired\":true,\"valueName\":\"search_term_string\"}}],\"inLanguage\":\"en-US\"},{\"@type\":\"Organization\",\"@id\":\"https:\/\/fajnerejsy.pl\/#organization\",\"name\":\"FAJNEREJSY\",\"url\":\"https:\/\/fajnerejsy.pl\/\",\"logo\":{\"@type\":\"ImageObject\",\"inLanguage\":\"en-US\",\"@id\":\"https:\/\/fajnerejsy.pl\/#\/schema\/logo\/image\/\",\"url\":\"http:\/\/fajnerejsy.pl\/wp-content\/uploads\/2020\/11\/fajnerejsy-logo-rgb-www1.png\",\"contentUrl\":\"http:\/\/fajnerejsy.pl\/wp-content\/uploads\/2020\/11\/fajnerejsy-logo-rgb-www1.png\",\"width\":235,\"height\":50,\"caption\":\"FAJNEREJSY\"},\"image\":{\"@id\":\"https:\/\/fajnerejsy.pl\/#\/schema\/logo\/image\/\"},\"sameAs\":[\"https:\/\/www.facebook.com\/Fajnerejsy\",\"https:\/\/www.instagram.com\/fajnerejsy.pl\/\",\"https:\/\/www.youtube.com\/JacekMirczak\"]}]}<\/script>\n<!-- \/ Yoast SEO Premium plugin. -->","yoast_head_json":{"title":"25C Ko\u0142obrzeg - Warnem\u00fcnde | rejs \u017ceglarski - Fajnerejsy.pl","description":"Rejs z Ko\u0142obrzegu do Warnem\u00fcnde. Po drodze planujemy odwiedzi\u0107 Sassnitz, \u015awinouj\u015bcie, Klintholm i Gedser. D\u0142ugie dni idealne do \u017ceglowania.","robots":{"index":"index","follow":"follow","max-snippet":"max-snippet:-1","max-image-preview":"max-image-preview:large","max-video-preview":"max-video-preview:-1"},"canonical":"https:\/\/fajnerejsy.pl\/en\/portfolio\/25c-kolobrzeg-warnemunde\/","og_locale":"en_US","og_type":"article","og_title":"25C Ko\u0142obrzeg - Warnem\u00fcnde","og_description":"Rejs z Ko\u0142obrzegu do Warnem\u00fcnde. Po drodze planujemy odwiedzi\u0107 Sassnitz, \u015awinouj\u015bcie, Klintholm i Gedser. D\u0142ugie dni idealne do \u017ceglowania.","og_url":"https:\/\/fajnerejsy.pl\/en\/portfolio\/25c-kolobrzeg-warnemunde\/","og_site_name":"Fajnerejsy.pl","article_publisher":"https:\/\/www.facebook.com\/Fajnerejsy","article_modified_time":"2025-03-12T13:36:24+00:00","og_image":[{"width":1920,"height":660,"url":"https:\/\/fajnerejsy.pl\/wp-content\/uploads\/2023\/10\/warnemunde.jpg","type":"image\/jpeg"}],"twitter_card":"summary_large_image","twitter_misc":{"Est. reading time":"5 minutes"},"schema":{"@context":"https:\/\/schema.org","@graph":[{"@type":"WebPage","@id":"https:\/\/fajnerejsy.pl\/portfolio\/25c-kolobrzeg-warnemunde\/","url":"https:\/\/fajnerejsy.pl\/portfolio\/25c-kolobrzeg-warnemunde\/","name":"25C Ko\u0142obrzeg - Warnem\u00fcnde | rejs \u017ceglarski - Fajnerejsy.pl","isPartOf":{"@id":"https:\/\/fajnerejsy.pl\/#website"},"primaryImageOfPage":{"@id":"https:\/\/fajnerejsy.pl\/portfolio\/25c-kolobrzeg-warnemunde\/#primaryimage"},"image":{"@id":"https:\/\/fajnerejsy.pl\/portfolio\/25c-kolobrzeg-warnemunde\/#primaryimage"},"thumbnailUrl":"https:\/\/fajnerejsy.pl\/wp-content\/uploads\/2023\/10\/warnemunde.jpg","datePublished":"2024-12-19T16:17:37+00:00","dateModified":"2025-03-12T13:36:24+00:00","description":"Rejs z Ko\u0142obrzegu do Warnem\u00fcnde. Po drodze planujemy odwiedzi\u0107 Sassnitz, \u015awinouj\u015bcie, Klintholm i Gedser. D\u0142ugie dni idealne do \u017ceglowania.","breadcrumb":{"@id":"https:\/\/fajnerejsy.pl\/portfolio\/25c-kolobrzeg-warnemunde\/#breadcrumb"},"inLanguage":"en-US","potentialAction":[{"@type":"ReadAction","target":["https:\/\/fajnerejsy.pl\/portfolio\/25c-kolobrzeg-warnemunde\/"]}]},{"@type":"ImageObject","inLanguage":"en-US","@id":"https:\/\/fajnerejsy.pl\/portfolio\/25c-kolobrzeg-warnemunde\/#primaryimage","url":"https:\/\/fajnerejsy.pl\/wp-content\/uploads\/2023\/10\/warnemunde.jpg","contentUrl":"https:\/\/fajnerejsy.pl\/wp-content\/uploads\/2023\/10\/warnemunde.jpg","width":1920,"height":660,"caption":"Warnemunde z Fajne Rejsy, rejs \u017ceglarski jachtem po Ba\u0142tyku z kapitanem Jacek Mirczak."},{"@type":"BreadcrumbList","@id":"https:\/\/fajnerejsy.pl\/portfolio\/25c-kolobrzeg-warnemunde\/#breadcrumb","itemListElement":[{"@type":"ListItem","position":1,"name":"Home","item":"https:\/\/fajnerejsy.pl\/"},{"@type":"ListItem","position":2,"name":"Portfolio","item":"https:\/\/fajnerejsy.pl\/portfolio\/"},{"@type":"ListItem","position":3,"name":"25C Ko\u0142obrzeg &#8211; Warnem\u00fcnde"}]},{"@type":"WebSite","@id":"https:\/\/fajnerejsy.pl\/#website","url":"https:\/\/fajnerejsy.pl\/","name":"Fajnerejsy.pl","description":"","publisher":{"@id":"https:\/\/fajnerejsy.pl\/#organization"},"potentialAction":[{"@type":"SearchAction","target":{"@type":"EntryPoint","urlTemplate":"https:\/\/fajnerejsy.pl\/?s={search_term_string}"},"query-input":{"@type":"PropertyValueSpecification","valueRequired":true,"valueName":"search_term_string"}}],"inLanguage":"en-US"},{"@type":"Organization","@id":"https:\/\/fajnerejsy.pl\/#organization","name":"FAJNEREJSY","url":"https:\/\/fajnerejsy.pl\/","logo":{"@type":"ImageObject","inLanguage":"en-US","@id":"https:\/\/fajnerejsy.pl\/#\/schema\/logo\/image\/","url":"http:\/\/fajnerejsy.pl\/wp-content\/uploads\/2020\/11\/fajnerejsy-logo-rgb-www1.png","contentUrl":"http:\/\/fajnerejsy.pl\/wp-content\/uploads\/2020\/11\/fajnerejsy-logo-rgb-www1.png","width":235,"height":50,"caption":"FAJNEREJSY"},"image":{"@id":"https:\/\/fajnerejsy.pl\/#\/schema\/logo\/image\/"},"sameAs":["https:\/\/www.facebook.com\/Fajnerejsy","https:\/\/www.instagram.com\/fajnerejsy.pl\/","https:\/\/www.youtube.com\/JacekMirczak"]}]}},"_links":{"self":[{"href":"http:\/\/fajnerejsy.pl\/en\/wp-json\/wp\/v2\/portfolio\/4784","targetHints":{"allow":["GET"]}}],"collection":[{"href":"http:\/\/fajnerejsy.pl\/en\/wp-json\/wp\/v2\/portfolio"}],"about":[{"href":"http:\/\/fajnerejsy.pl\/en\/wp-json\/wp\/v2\/types\/portfolio"}],"author":[{"embeddable":true,"href":"http:\/\/fajnerejsy.pl\/en\/wp-json\/wp\/v2\/users\/1"}],"replies":[{"embeddable":true,"href":"http:\/\/fajnerejsy.pl\/en\/wp-json\/wp\/v2\/comments?post=4784"}],"version-history":[{"count":24,"href":"http:\/\/fajnerejsy.pl\/en\/wp-json\/wp\/v2\/portfolio\/4784\/revisions"}],"predecessor-version":[{"id":6078,"href":"http:\/\/fajnerejsy.pl\/en\/wp-json\/wp\/v2\/portfolio\/4784\/revisions\/6078"}],"wp:featuredmedia":[{"embeddable":true,"href":"http:\/\/fajnerejsy.pl\/en\/wp-json\/wp\/v2\/media\/5518"}],"wp:attachment":[{"href":"http:\/\/fajnerejsy.pl\/en\/wp-json\/wp\/v2\/media?parent=4784"}],"wp:term":[{"taxonomy":"portfolio_category","embeddable":true,"href":"http:\/\/fajnerejsy.pl\/en\/wp-json\/wp\/v2\/portfolio_category?post=4784"},{"taxonomy":"portfolio_tag","embeddable":true,"href":"http:\/\/fajnerejsy.pl\/en\/wp-json\/wp\/v2\/portfolio_tag?post=4784"}],"curies":[{"name":"wp","href":"https:\/\/api.w.org\/{rel}","templated":true}]}}